{"id":95,"date":"2016-12-15T08:53:19","date_gmt":"2016-12-15T08:53:19","guid":{"rendered":"http:\/\/www.hcb.net\/?page_id=95\/"},"modified":"2025-02-19T12:49:24","modified_gmt":"2025-02-19T11:49:24","slug":"sponsor-partner","status":"publish","type":"page","link":"https:\/\/www.hcb.net\/it\/societa\/sponsor-partner\/","title":{"rendered":"Sponsor &amp; Partner"},"content":{"rendered":"<h2>League Sponsor<\/h2>\n<p><img loading=\"lazy\" decoding=\"async\" class=\"aligncenter wp-image-60775\" src=\"https:\/\/static.hcb.net\/a9243ee7cdcd4f3a\/60775\/c\/fit-in\/1024x1024\/eslebefairplay.png\" alt=\"\" width=\"453\" height=\"217\" data-headline=\"eslebefairplay\" \/><\/p>\n<hr \/>\n<h2>Main Sponsors<\/h2>\n<p><img loading=\"lazy\" decoding=\"async\" class=\"aligncenter wp-image-45718\" src=\"https:\/\/static.hcb.net\/a9243ee7cdcd4f3a\/12345\/c\/sued-badge_outline_rgb_m-1.svg\" alt=\"\" width=\"379\" height=\"298\" data-headline=\"SUED-Badge_Outline_RGB_M\" \/><\/p>\n<p style=\"text-align: justify;\">Alto Adige: un luogo leggendario, una natura spettacolare fatta di contrasti dove la bellezza unica delle imponenti cime dolomitiche &#8211; patrimonio mondiale dell&#8217;UNESCO &#8211; si accompagna al sapore mediterraneo delle colline coltivate a vite e dei giardini dove crescono le palme. Un territorio dove l&#8217;esperienza contadina e il clima favorevole &#8211; con trecento giorni di sole all&#8217;anno &#8211; garantiscono la qualit\u00e0 dei prodotti tipici altoatesini: mele, vino e speck.<\/p>\n<p style=\"text-align: center;\">__________<\/p>\n<p>&nbsp;<\/p>\n<p><a href=\"https:\/\/www.alperia.eu\/de\"><img loading=\"lazy\" decoding=\"async\" class=\"aligncenter wp-image-452506\" src=\"https:\/\/static.hcb.net\/a9243ee7cdcd4f3a\/452506\/c\/fit-in\/1024x1024\/filters:no_upscale()\/filters:strip_exif()\/logo_alperia_2023.png\" alt=\"\" width=\"484\" height=\"161\" data-headline=\"logo_alperia_2023\" \/><\/a><\/p>\n<p style=\"text-align: justify;\">Alperia \u00e8 un provider di servizi energetici. Produciamo energia da fonti rinnovabili, gestiamo la rete elettrica, ci occupiamo della vendita di energia e di sistemi di teleriscaldamento. Progettiamo e realizziamo inoltre nuove centrali a fonte rinnovabile e sviluppiamo innovative soluzione tecnologiche per il settore energetico.<\/p>\n<hr \/>\n<h2>Premium Sponsors<\/h2>\n<p style=\"text-align: center;\"><a href=\"http:\/\/www.forst.it\/\" target=\"_blank\" rel=\"noopener noreferrer\"><img loading=\"lazy\" decoding=\"async\" class=\"alignnone wp-image-145\" src=\"http:\/\/static.hcb.net\/a9243ee7cdcd4f3a\/12345\/c\/forst.jpg\" alt=\"\" width=\"216\" height=\"152\" \/><\/a><\/p>\n<p style=\"text-align: justify;\">&#8220;Forst&#8221;,un nome legato indissolubilmente alla nostra terra, simbolo di tradizione e amore per la natura, ma anche di lavoro volto a mantenere sempre altissima la qualit\u00e0 dei suoi prodotti. L\u2019equilibrio perfetto tra tradizione e modernit\u00e0 che si completano a vicenda: questo il concetto guida dell&#8217;azienda altoatesina Birra Forst.<\/p>\n<p style=\"text-align: center;\">__________<\/p>\n<p style=\"text-align: center;\"><a href=\"http:\/\/www.sparkasse.it\/\" target=\"_blank\" rel=\"noopener noreferrer\"><img loading=\"lazy\" decoding=\"async\" class=\"alignnone wp-image-205\" src=\"http:\/\/static.hcb.net\/a9243ee7cdcd4f3a\/12345\/c\/sparkasse.png\" alt=\"\" width=\"334\" height=\"59\" \/><\/a><\/p>\n<p>La Cassa di Risparmio di Bolzano \u00e8 una delle pi\u00f9 importanti Casse di Risparmio indipendenti in Italia. Prima banca in Alto Adige, \u00e8 presente in tutto il nord est, oltre che a Monaco di Baviera. In quanto banca tradizionale, offriamo servizi finanziari a privati e aziende attraverso una rete di oltre\u00a0<strong>100 filiali<\/strong>\u00a0in cui operano oltre\u00a0<strong>1.200 collaboratori<\/strong>. Nata nel 1854, dal 1992 la Cassa di Risparmio \u00e8 una societ\u00e0 per azioni e conta oltre\u00a0<strong>24.000 soci<\/strong>. Azionista di maggioranza \u00e8 la\u00a0<strong>Fondazione Cassa di Risparmio di Bolzano<\/strong>.<\/p>\n<p style=\"text-align: center;\">__________<\/p>\n<p style=\"text-align: center;\"><a href=\"http:\/\/www.wuerth.it\/\" target=\"_blank\" rel=\"noopener noreferrer\"><img loading=\"lazy\" decoding=\"async\" class=\"alignnone size-medium wp-image-223\" src=\"http:\/\/static.hcb.net\/a9243ee7cdcd4f3a\/12345\/c\/wuerth.png\" alt=\"\" width=\"300\" height=\"64\" \/><\/a><\/p>\n<p style=\"text-align: justify;\">W\u00fcrth Srl, il partner di riferimento per i 240.000 professionisti nel mondo dell&#8217;automotive, dell&#8217;artigianato, dell&#8217;edilizia e dell&#8217;industria. Con i suoi 3 Centri Logistici di Egna (BZ), che \u00e8 anche sede legale, Crespellano (BO) e Capena (Roma Nord), e con un numero sempre crescente di Punti Vendita in tutta Italia (attualmente oltre 80), W\u00fcrth \u00e8 vicina ai propri clienti. I 3.400 collaboratori, di cui circa 2.500 Tecnici Venditori, offrono un supporto costante in termini di affidabilit\u00e0, professionalit\u00e0 e competenza.<\/p>\n<p style=\"text-align: center;\">__________<\/p>\n<p>&nbsp;<\/p>\n<p><a href=\"http:\/\/www.senoner.net\" target=\"_blank\" rel=\"alternate noopener noreferrer\"><img loading=\"lazy\" decoding=\"async\" class=\"wp-image-197 aligncenter\" src=\"http:\/\/static.hcb.net\/a9243ee7cdcd4f3a\/12345\/c\/senoner.png\" width=\"315\" height=\"73\" \/><\/a><\/p>\n<p>Dalla fondazione nell\u2018anno 1998, la Senoner Hotelbedarf \u00e8 nota come azienda competente, di gestione innovativa e vicina alle esigenze dei suoi clienti. La Senoner Hotelbedarf \u00e8 divenuta una delle aziende principali per forniture alberghiere in Alto Adige, perch\u00e9 sempre attenta a rimanere al passo con le nuove tendenze e a migliorare costantemente senza mai perdere d\u2019occhio l\u2019importanza per la tradizione. Uno standard qualitativo eccezionale unito a un\u2019attenzione particolare per il design fanno della loro gamma di scelta tra porcellane, stoviglie, bicchieri, posate e vari accessori per la cucina qualcosa di veramente unico e distintivo.<\/p>\n<p style=\"text-align: center;\">__________<\/p>\n<h2><a href=\"https:\/\/www.autobrenner.it\/\"><img loading=\"lazy\" decoding=\"async\" class=\"aligncenter wp-image-46926\" src=\"https:\/\/static.hcb.net\/a9243ee7cdcd4f3a\/12345\/c\/logo_autobrenner_new.jpg\" alt=\"\" width=\"340\" height=\"85\" data-headline=\"logo_autobrenner_new\" \/><\/a><\/h2>\n<p>Gruppo Auto Brenner,\u00a0il Vostro partner Volkswagen dell&#8217;Alto Adige.\u00a0Qui potrai prendere visione dell\u2019intera gamma delle vetture Volkswagen e Volkswagen Veicoli Commerciali, scoprendone le novit\u00e0, gli allestimenti e gli equipaggiamenti. Un team di professionisti specializzati \u00e8 in grado di offrirvi un\u2019assistenza completa per qualsiasi necessit\u00e0.<\/p>\n<p style=\"text-align: center;\">__________<\/p>\n<p><a href=\"https:\/\/microtec.eu\/it\"><img loading=\"lazy\" decoding=\"async\" class=\"aligncenter wp-image-24328\" src=\"https:\/\/static.hcb.net\/a9243ee7cdcd4f3a\/12345\/c\/mt_microtec_logo_1000px-1.jpeg\" alt=\"\" width=\"309\" height=\"77\" \/><\/a><\/p>\n<p>MiCROTEC \u00e8 leader mondiale nella tecnologia e nel mercato del riconoscimento intelligente delle caratteristiche del legno &#8211; sempre impegnata a fornire all\u00b4industria della lavorazione del legno l&#8217;utilizzo pi\u00f9 economico e sostenibile del materiale.<\/p>\n<p style=\"text-align: center;\">__________<\/p>\n<p style=\"text-align: center;\"><a href=\"http:\/\/www.avanti-bz.it\" target=\"_blank\" rel=\"alternate noopener noreferrer\"><img loading=\"lazy\" decoding=\"async\" class=\"alignnone wp-image-113\" src=\"http:\/\/static.hcb.net\/a9243ee7cdcd4f3a\/12345\/c\/avanti.jpg\" width=\"311\" height=\"88\" \/><\/a><\/p>\n<p style=\"text-align: justify;\">Avanti Trendstore &#8211; mobili e arredamenti per la tua casa, a Bolzano Sud e Laces.<\/p>\n<p style=\"text-align: center;\">__________<\/p>\n<p style=\"text-align: center;\"><a href=\"https:\/\/www.marlene.it\/it\/le-mele-dell-alto-adige.html\"><img loading=\"lazy\" decoding=\"async\" class=\"aligncenter wp-image-15224\" src=\"https:\/\/static.hcb.net\/a9243ee7cdcd4f3a\/12345\/c\/marlene_label_suedtirol_eng_rgb.png\" alt=\"\" width=\"180\" height=\"146\" \/><\/a><\/p>\n<p style=\"text-align: justify;\">Le mele Marlene sono sinonimo di qualit\u00e0 garantita e di produzione integrata. I consumatori amano Marlene per la sua ampia variet\u00e0, che offre a tutti la mela giusta. Tutte e sette le variet\u00e0 di mele Marlene sono contrassegnate dal marchio europeo \u201cMela Alto Adige IGP\u201d, che ne garantisce l\u2019origine altoatesina.<\/p>\n<p style=\"text-align: center;\">__________<\/p>\n<p style=\"text-align: center;\"><a href=\"http:\/\/www.elpo.eu\"><img loading=\"lazy\" decoding=\"async\" class=\"aligncenter wp-image-135\" src=\"https:\/\/static.hcb.net\/a9243ee7cdcd4f3a\/135\/c\/fit-in\/1024x1024\/elpo.png\" alt=\"\" width=\"117\" height=\"91\" data-headline=\"elpo\" \/><\/a><\/p>\n<p style=\"text-align: justify;\">Da 60 anni sinonimo di soluzioni di elevata qualit\u00e0 nel settore dell&#8217;elettrotecnica, pensate dai collaboratori pi\u00f9 esperti e realizzate dalla nostra squadra di tecnici altamente specializzati.<\/p>\n<p>&nbsp;<\/p>\n<hr \/>\n<h2>Sponsors<\/h2>\n<p><img loading=\"lazy\" decoding=\"async\" class=\"size-medium wp-image-725130 aligncenter\" src=\"https:\/\/www.hcb.net\/a9243ee7cdcd4f3a\/725130\/c\/fit-in\/300x108\/filters:no_upscale()\/filters:strip_exif()\/logo-hcb.png\" alt=\"\" width=\"300\" height=\"108\" data-headline=\"Alpsfloor-Logo\" srcset=\"https:\/\/www.hcb.net\/a9243ee7cdcd4f3a\/725130\/c\/fit-in\/167x60\/filters:no_upscale()\/filters:strip_exif()\/logo-hcb.png 167w, https:\/\/www.hcb.net\/a9243ee7cdcd4f3a\/725130\/c\/fit-in\/300x108\/filters:no_upscale()\/filters:strip_exif()\/logo-hcb.png 300w\" sizes=\"auto, (max-width: 300px) 100vw, 300px\" \/><\/p>\n<p style=\"text-align: left;\">AlpsFloor: Ihr Bodenstudio in S\u00fcdtirol. Professionelle Beratung &amp; Verkauf von Qualit\u00e4tsb\u00f6den.<\/p>\n<p style=\"text-align: center;\">__________<\/p>\n<p style=\"text-align: center;\"><img loading=\"lazy\" decoding=\"async\" class=\"alignnone wp-image-13234\" src=\"http:\/\/static.hcb.net\/a9243ee7cdcd4f3a\/12345\/c\/atzwangeratz-dat-logo-ita-rgb.jpg\" alt=\"\" width=\"348\" height=\"37\" \/><\/p>\n<p style=\"text-align: justify;\">ATZWANGER \u00e8 oggi leader europeo nei settori della tecnologia ambientale, idraulica, dell&#8217;energia e degli impianti domestici. L&#8217;attivit\u00e0 del gruppo, che conta cinque sedi europee e d\u00e0 lavoro a circa 250 dipendenti, \u00e8 la storia di un successo con prospettive di continua crescita.<\/p>\n<p style=\"text-align: center;\">__________<\/p>\n<p><a href=\"https:\/\/www.bagnara.net\/it\/\"><img loading=\"lazy\" decoding=\"async\" class=\"aligncenter wp-image-49261\" src=\"https:\/\/static.hcb.net\/a9243ee7cdcd4f3a\/12345\/c\/logobagnara.jpg\" alt=\"\" width=\"176\" height=\"57\" data-headline=\"Stampa\" \/><\/a><\/p>\n<p><strong>Bagnara \u2013 La pietra naturale a 360\u00b0<br \/>\n<\/strong>Attiva da tre generazioni, Bagnara \u00e8 un\u2019azienda familiare oggi leader a livello internazionale nel settore della produzione, distribuzione e lavorazione della pietra naturale. Offriamo indistintamente a privati, artigiani, designer, progettisti edili e architetti una variet\u00e0 di oltre 900 pietre naturali disponibili in pronta consegna, e tutta la nostra competenza nella scelta ideale per ogni singolo progetto. Visitate il nostro showroom ad Appiano. Vi aspettiamo!<\/p>\n<p style=\"text-align: center;\">__________<\/p>\n<p style=\"text-align: center;\"><a href=\"https:\/\/www.battistiroland.it\/it\/\"><img loading=\"lazy\" decoding=\"async\" class=\"aligncenter wp-image-452508\" src=\"https:\/\/static.hcb.net\/a9243ee7cdcd4f3a\/452508\/c\/fit-in\/1024x1024\/filters:no_upscale()\/filters:strip_exif()\/logo_battistiroland_2023.jpg\" alt=\"\" width=\"276\" height=\"69\" data-headline=\"logo_battistiroland_2023\" \/><\/a><\/p>\n<p style=\"text-align: justify;\">Impresa artigianale di lavorazione acciaio con sede in Zona Artigianale a Bolzano.<\/p>\n<p style=\"text-align: center;\">__________<\/p>\n<p><a href=\"https:\/\/palais-campofranco.com\/de\/\"><img loading=\"lazy\" decoding=\"async\" class=\"aligncenter wp-image-452510\" src=\"https:\/\/static.hcb.net\/a9243ee7cdcd4f3a\/452510\/c\/fit-in\/1024x1024\/filters:no_upscale()\/filters:strip_exif()\/logo_campofranco.jpg\" alt=\"\" width=\"304\" height=\"76\" data-headline=\"logo_campofranco\" \/><\/a><\/p>\n<p>Il complesso barocco di Palais Campofranco si affaccia direttamente sulla centralissima Piazza Walther. I suoi quattro piani ospitano un\u2019ampia scelta di bar, ristoranti e negozi, tra cui anche un un supermercato. Ma ad attirare i numerosi visitatori che ogni giorno animano Palais Campofranco \u00e8 anche il palazzo stesso, che grazie al suo prestigioso passato e alla sua pregevole architettura si rivela un\u2019attrazione storico-culturale di grande interesse. Il fiore all\u2019occhiello di Palais Campofranco \u00e8 l\u2019imponente Ginkgo biloba nella corte interna. Rimasto indenne dopo ben due conflitti mondiali, ora affonda le sue radici nel vaso pi\u00f9 grande del mondo. Quando visiterete il palazzo per fare shopping o cenare in uno dei suoi eleganti ristoranti, approfittatene per ammirare di persona questo albero dalla storia straordinaria. Palais Campofranco \u00e8 comodamente raggiungibile dal parcheggio sotterraneo di Piazza Walther, grazie all\u2019accesso diretto con ascensore.<\/p>\n<p style=\"text-align: center;\">__________<\/p>\n<p>&nbsp;<\/p>\n<p><a href=\"https:\/\/www.facebook.com\/osteriadaicarrettai\/\"><img loading=\"lazy\" decoding=\"async\" class=\"aligncenter wp-image-61855\" src=\"https:\/\/static.hcb.net\/a9243ee7cdcd4f3a\/61855\/c\/fit-in\/1024x1024\/logo_carrettai_sito.png\" alt=\"\" width=\"265\" height=\"135\" data-headline=\"logo_carrettai_sito\" \/><\/a><\/p>\n<p>Osteria dai Carrettai &#8211; Carrettai Fly<\/p>\n<p style=\"text-align: center;\">__________<\/p>\n<p>&nbsp;<\/p>\n<p><a href=\"https:\/\/www.enwenta.it\/\"><img loading=\"lazy\" decoding=\"async\" class=\"aligncenter wp-image-792772\" src=\"https:\/\/www.hcb.net\/a9243ee7cdcd4f3a\/792772\/c\/fit-in\/0x0\/filters:no_upscale()\/filters:strip_exif()\/enwenta-logo-positivo-1.png\" alt=\"\" width=\"221\" height=\"60\" data-headline=\"ENWENTA-logo-positivo-1\" \/><\/a><\/p>\n<div class=\"wpb_text_column wpb_content_element \">\n<div class=\"wpb_wrapper\">\n<p><strong>Ti accompagniamo con successo verso la trasformazione digitale. INSIEME per un nuovo stile di IT.\u00a0<\/strong> <span class=\"s1\">Aziende, universit\u00e0, banche, ospedali e laboratori, multiutility,\u00a0<\/span>istituzioni e ogni altra organizzazione possono contare su un partner con competenze integrate di progettazione customizzata per un servizio ad alto valore aggiunto. <span class=\"s1\">Mettiamo a disposizione di ogni cliente un solido team di\u00a0<\/span>specialisti che lavora a fianco di chi sviluppa i processi organizzativi, produttivi e di servizio. <span class=\"s1\">Dall\u2019analisi progettuale allo sviluppo dell\u2019infrastruttura, il\u00a0<\/span>processo di delivery dei servizi IT arriva fino all\u2019assistenza specialistica 24\/7 attraverso una Control Room dedicata, a disposizione, come ulteriore garanzia e che ogni cliente pu\u00f2 attivare per la propria piattaforma IT. <span class=\"s1\">Scegliere Enwenta come partner significa ottenere servizi\u00a0<\/span>integrati ed evoluti (formazione, progettazione Cloud, Control Room, supporto h24) progettati su misura, gestiti in multilingua \u2013 italiano, tedesco, inglese \u2013 e confrontarsi con un partner innovativo di altissimo livello.<\/p>\n<p style=\"text-align: center;\">__________<\/p>\n<\/div>\n<\/div>\n<p><a href=\"http:\/\/www.europont.it\/\" target=\"_blank\" rel=\"alternate noopener noreferrer\"><br \/>\n<img loading=\"lazy\" decoding=\"async\" class=\"wp-image-141 aligncenter\" src=\"http:\/\/static.hcb.net\/a9243ee7cdcd4f3a\/12345\/c\/europont.jpg\" width=\"160\" height=\"48\" \/><\/a><\/p>\n<p>Impresa specialista per ponteggi a Bolzano &amp; Verona.<\/p>\n<p style=\"text-align: center;\">__________<\/p>\n<p><img loading=\"lazy\" decoding=\"async\" class=\"wp-image-14891 aligncenter\" src=\"https:\/\/static.hcb.net\/a9243ee7cdcd4f3a\/12345\/c\/19264493_1447755695271347_3597009238200442749_o.jpg\" alt=\"\" width=\"186\" height=\"186\" \/><\/p>\n<div class=\"posAbs top\">\n<p>Franziskaner. Il tuo pane quotidiano. Ogni giorno sforniamo per voi oltre 100 diversi tipi di pane.<\/p>\n<p style=\"text-align: center;\">__________<\/p>\n<p><a href=\"https:\/\/www.manometal.com\/it\/\"><img loading=\"lazy\" decoding=\"async\" class=\"aligncenter wp-image-452514\" src=\"https:\/\/static.hcb.net\/a9243ee7cdcd4f3a\/452514\/c\/fit-in\/1024x1024\/filters:no_upscale()\/filters:strip_exif()\/logo_manometal.png\" alt=\"\" width=\"315\" height=\"67\" data-headline=\"logo_manometal\" \/><\/a><\/p>\n<p>Siamo un&#8217;azienda familiare altamente innovativa, con macchinari e sezioni di produzione all&#8217;avanguardia, circondata da un team giovane, dinamico e motivato di dipendenti di grande esperienza. Da 44 anni produciamo pezzi torniti CNC di alta precisione in un&#8217;ampia gamma di leghe per i nostri clienti in tutto il mondo, dall&#8217;industria sanitaria alla tecnologia di riscaldamento e raffreddamento.<\/p>\n<p style=\"text-align: center;\">__________<\/p>\n<p><a href=\"https:\/\/www.gastrodrink.it\/it\"><img loading=\"lazy\" decoding=\"async\" class=\"aligncenter wp-image-61859\" src=\"https:\/\/static.hcb.net\/a9243ee7cdcd4f3a\/61859\/c\/fit-in\/1024x1024\/logo_gastrodrink.jpg\" alt=\"\" width=\"304\" height=\"76\" data-headline=\"logo_gastrodrink\" \/><\/a><\/p>\n<p>Troverete una vasta gamma di prodotti scelti tra le migliori marche di birra, tantissimi ottimi vini locali, distillati e liquori, superalcolici, succhi di frutta, acqua minerale e quant&#8217;altro.<\/p>\n<p style=\"text-align: center;\">__________<\/p>\n<\/div>\n<p><a href=\"http:\/\/www.hannesmair.com\/it\/\"><img loading=\"lazy\" decoding=\"async\" class=\"aligncenter wp-image-44605\" src=\"https:\/\/static.hcb.net\/a9243ee7cdcd4f3a\/12345\/c\/hannesmair.png\" alt=\"\" width=\"138\" height=\"146\" \/><\/a><\/p>\n<p>Dal 1956, anno in cui Hans und Marianne Mair fondarono l\u2019impresa, realizziamo specialit\u00e0 di carne e insaccati lavorando carne di bovino, vitello, maiale, agnello e selvaggina autoctoni, secondo la tradizionale arte dei macellai altoatesini.\u00a0<strong>Hannes Mair<\/strong>, esponente della terza generazione e macellaio giovane, dinamico e attento alla qualit\u00e0, ha deciso di continuare nel solco della tradizione, puntando di pi\u00f9 sulle prelibatezze locali, dal sapore autentico e genuino. Via Principale 9, Terlano.<\/p>\n<p style=\"text-align: center;\">__________<\/p>\n<p>&nbsp;<\/p>\n<p style=\"text-align: center;\"><a href=\"http:\/\/www.imbiss-kampill.com\" target=\"_blank\" rel=\"alternate noopener noreferrer\"><img loading=\"lazy\" decoding=\"async\" class=\"alignnone wp-image-157\" src=\"http:\/\/static.hcb.net\/a9243ee7cdcd4f3a\/12345\/c\/kampill.png\" width=\"221\" height=\"49\" \/><\/a><\/p>\n<p style=\"text-align: justify;\">Imbiss, Pizzeria &amp; Ristorante a Bolzano, Zona Artigianale,\u00a0 giorno di riposo domenica.<\/p>\n<p style=\"text-align: center;\">__________<\/p>\n<p style=\"text-align: center;\"><a href=\"https:\/\/www.kellereibozen.com\/it\/\"><img loading=\"lazy\" decoding=\"async\" class=\"aligncenter wp-image-44611\" src=\"https:\/\/static.hcb.net\/a9243ee7cdcd4f3a\/12345\/c\/kellerei_bozen.png\" alt=\"\" width=\"141\" height=\"100\" \/><\/a><\/p>\n<p style=\"text-align: justify;\">Sin dalla fondazione nel 2001, in qualit\u00e0 di cantina altoatesina legata alla tradizione, impegnata a produrre vini di qualit\u00e0 e dal carattere regionale.<\/p>\n<p style=\"text-align: center;\">__________<\/p>\n<p style=\"text-align: center;\"><a href=\"https:\/\/www.knoma.eu\/\"><img loading=\"lazy\" decoding=\"async\" class=\"aligncenter wp-image-161\" src=\"https:\/\/static.hcb.net\/a9243ee7cdcd4f3a\/161\/c\/fit-in\/1024x1024\/knoma.png\" alt=\"\" width=\"180\" height=\"100\" data-headline=\"Knoma\" \/><\/a><\/p>\n<p style=\"text-align: justify;\">Impresa specializzata alla vendita di autovetture e veicoli commerciali UE. Attiva dal 1979.<\/p>\n<p style=\"text-align: center;\">__________<\/p>\n<p><a href=\"https:\/\/konverto.eu\/it\/index.html\"><img loading=\"lazy\" decoding=\"async\" class=\"aligncenter wp-image-61861\" src=\"https:\/\/static.hcb.net\/a9243ee7cdcd4f3a\/61861\/c\/fit-in\/1024x1024\/logo_konverto.jpg\" alt=\"\" width=\"260\" height=\"65\" data-headline=\"logo_konverto\" \/><\/a><\/p>\n<header class=\"frame-header\">\n<p class=\"subheader\">Il vostro partner per soluzioni IT smart e innovative, per privati e per il vostro business.<\/p>\n<p style=\"text-align: center;\">__________<\/p>\n<p><a href=\"https:\/\/manuelcaffe.it\/\"><img loading=\"lazy\" decoding=\"async\" class=\"aligncenter wp-image-141243\" src=\"https:\/\/static.hcb.net\/a9243ee7cdcd4f3a\/141243\/c\/fit-in\/1024x1024\/filters:no_upscale()\/filters:strip_exif()\/logo_manuelcaffe.jpg\" alt=\"\" width=\"404\" height=\"101\" data-headline=\"logo_manuelcaffe\" \/><\/a><\/p>\n<p><strong><u>Passione per il caff\u00e8. E non solo.<\/u><\/strong><\/p>\n<p>Una tazzina di caff\u00e8 Manuel racchiude un progetto lungo quasi 50 anni. Una storia fatta di costanza, precisione, entusiasmo e di una profonda capacit\u00e0 imprenditoriale: una combinazione unica di ingredienti che ha trasformato una torrefazione artigianale di Conegliano Veneto in un\u2019azienda di successo con prodotti eccellenti.<\/p>\n<p>E la stessa passione che dedica al caff\u00e8, Manuel la rivolge anche al mondo dello sport. L\u2019azienda \u00e8 Official Partner dell\u2019Udinese Calcio e del Treviso Basket, impegnate nella massima serie. Da questa stagione \u00e8 orgogliosa di essere anche sponsor dell\u2019Hockey Club di Bolzano, a cui augura un campionato ricco di soddisfazioni.<\/p>\n<p style=\"text-align: center;\">__________<\/p>\n<p><a href=\"https:\/\/www.mcdonalds.it\/ristorante\/trentino-alto-adige\/bolzano\/bolzano-buozzi\"><img loading=\"lazy\" decoding=\"async\" class=\"aligncenter wp-image-60770\" src=\"https:\/\/static.hcb.net\/a9243ee7cdcd4f3a\/60770\/c\/fit-in\/1024x1024\/logo_mcdonald_anello.jpg\" alt=\"\" width=\"388\" height=\"97\" data-headline=\"logo_mcdonald_anello\" \/><\/a><\/p>\n<p>McDonald&#8217;s &#8211; via Bruno Buozzi 30, Bolzano<\/p>\n<p style=\"text-align: center;\">__________<\/p>\n<p>&nbsp;<\/p>\n<p><a href=\"https:\/\/moritzino.it\/\"><img loading=\"lazy\" decoding=\"async\" class=\"aligncenter wp-image-61863\" src=\"https:\/\/static.hcb.net\/a9243ee7cdcd4f3a\/61863\/c\/fit-in\/1024x1024\/logo-club-moritzino-gold.png\" alt=\"\" width=\"353\" height=\"59\" data-headline=\"Logo-Club-Moritzino-gold\" \/><\/a><\/p>\n<p>Sono cinquantacinque anni che Moritzino domina la Alta Badia dall\u2019alto dei 2100 metri del Piz La Ila. \u00c8 qui che da cinquant\u2019anni batte forte il cuore pulsante della valle. Un ritmo irresistibile che si respira tra i boschi, gli alpeggi e le cime di questa zona, meta immancabile per tutti coloro che amano la montagna. Ma se a escursioni e arrampicate preferite la buona tavola non preoccupatevi. Il nostro ristorante con terrazza e il wine bar sono a vostra disposizione per offrirvi il meglio della cucina e dei vini tipici della nostra provincia.<\/p>\n<p style=\"text-align: center;\">__________<\/p>\n<p><a href=\"https:\/\/www.moviment.it\/\"><img loading=\"lazy\" decoding=\"async\" class=\"aligncenter wp-image-61867\" src=\"https:\/\/static.hcb.net\/a9243ee7cdcd4f3a\/61867\/c\/fit-in\/1024x1024\/logo_moviment_positivo-1.png\" alt=\"\" width=\"260\" height=\"108\" data-headline=\"logo_moviment_positivo\" \/><\/a><\/p>\n<p>In\u00a0Alta Badia, nel cuore delle Dolomiti, troverete i parchi Movim\u00ebnt, luoghi ideali per trascorrere intere giornate di divertimento e svago all&#8217;aria aperta.<\/p>\n<p style=\"text-align: center;\">__________<\/p>\n<\/header>\n<p><a href=\"https:\/\/www.netinsurance.it\/\"><img loading=\"lazy\" decoding=\"async\" class=\"aligncenter wp-image-44600\" src=\"https:\/\/static.hcb.net\/a9243ee7cdcd4f3a\/12345\/c\/logo_netinsurance.jpg\" alt=\"\" width=\"224\" height=\"56\" \/><\/a><\/p>\n<p>Net Insurance \u00e8 una Compagnia assicurativa che offre soluzioni di protezione dedicate alla persona, alla famiglia e alla piccola e media impresa.<\/p>\n<p style=\"text-align: center;\">__________<\/p>\n<p style=\"text-align: center;\"><img loading=\"lazy\" decoding=\"async\" class=\"aligncenter wp-image-39530\" src=\"https:\/\/static.hcb.net\/a9243ee7cdcd4f3a\/12345\/c\/logo-niederbacher-gastrotec-dt-it.png\" alt=\"\" width=\"201\" height=\"84\" \/><\/p>\n<p style=\"text-align: justify;\">Niederbacher \u00e8 l\u2019azienda leader in Alto Adige per l\u2019arredamento nel settore gastronomico. Siamo specializzati nell\u2019allestimento di grandi cucine, impianti buffet, banchi bar, sistemi di lavaggio, tecniche di refrigerazione e climatizzazione.<\/p>\n<p style=\"text-align: center;\">__________<\/p>\n<p><a href=\"https:\/\/www.sanitaer-heinze.com\/it\"><img loading=\"lazy\" decoding=\"async\" class=\"aligncenter wp-image-48195\" src=\"https:\/\/static.hcb.net\/a9243ee7cdcd4f3a\/12345\/c\/schermata-2021-09-16-alle-10-51-49.png\" alt=\"\" width=\"435\" height=\"149\" data-headline=\"Schermata 2021-09-16 alle 10.51.49\" \/><\/a><\/p>\n<p>Sanit\u00e4r-Heinze \u00e8 da pi\u00fa di 80 anni partner di fiducia quando si tratta di arredo bagno, riscaldamento ed impianti di areazione. L&#8217;azienda \u00e8 stata fondata nel 1934 in Germania a Dresda. Oggi conta pi\u00fa di 1300 collaboratori in 33 filiali, situate in tutta Europa, rifornendo primariamente il mercato Austriaco, Tedesco e del Nord Italia. Sanit\u00e4r-Heinze \u00e8 lo specialista per privati, installatori ed Hotel, che sapr\u00e0 entusiasmarti, offrendoti tutte le novit\u00e0 disponibili sul mercato, con design all&#8217;avanguardia in combinazione con le migliori soluzioni tecniche. Materiali pregiati, raffinate porcellane, mobili di design, con una selezione del meglio del made in Italy, uniti alla soliditi\u00e0 e precisione germanica\u2026.aggiungendo l&#8217;affidabilit\u00e0 altoatesina! Vieni in una delle nostre Show Room a conoscere il Tuo esperto di fiducia!<\/p>\n<p style=\"text-align: center;\">__________<\/p>\n<p>&nbsp;<\/p>\n<p><a href=\"https:\/\/www.schoeneben.it\/it\/la-mia-avventura-alpina-1\/\"><img loading=\"lazy\" decoding=\"async\" class=\"aligncenter wp-image-61871\" src=\"https:\/\/static.hcb.net\/a9243ee7cdcd4f3a\/61871\/c\/fit-in\/1024x1024\/loogo_schoenben_sito.png\" alt=\"\" width=\"273\" height=\"81\" data-headline=\"loogo_schoenben_sito\" \/><\/a><\/p>\n<p class=\"p1\">Vacanze sulla neve in Alto Adige: divertimento invernale a Passo Resia! Sciare a Belpiano &#8211; Malga San Valentino con vista sul Lago di Resia, 15 impianti, 65 km di piste!<\/p>\n<p style=\"text-align: center;\">__________<a href=\"https:\/\/www.schwoererhaus.com\/it-it\/\"><img loading=\"lazy\" decoding=\"async\" class=\"aligncenter wp-image-39582\" src=\"https:\/\/static.hcb.net\/a9243ee7cdcd4f3a\/12345\/c\/logo_schworer.png\" alt=\"\" width=\"200\" height=\"107\" \/><\/a><\/p>\n<p class=\"p1\"><span class=\"s1\">Con l&#8217;impresa tedesca Schw\u00f6rerHaus avete al Vostro fianco un affidabile partner con una decennale esperienza nel settore della Bioedilizia. Dal 1950 possiamo vantare sino ad oggi ben circa 41.000 committenti soddisfatti in tutta Europa . L\u2019impresa conta sette sedi in Germania che fanno capo alla centrale di Hohenstein-Oberstetten e complessivamente 1.800 dipendenti. La nostra gamma di prodotti comprende case con struttura in legno, per un abitare in un\u2019ambiente sano ed ecologico e all\u2019insegna del risparmio energetico, costruzioni a pi\u00f9 piani. Con oltre 40 certificazione europee e oltre 20 brevetti internazionali, Schw\u00f6rerHaus si pone ai vertici della Bioedilizia in Europa!<\/span><\/p>\n<p style=\"text-align: center;\">__________<\/p>\n<p>&nbsp;<\/p>\n<p><img loading=\"lazy\" decoding=\"async\" class=\"aligncenter wp-image-39486\" src=\"https:\/\/static.hcb.net\/a9243ee7cdcd4f3a\/12345\/c\/logo_selectra.png\" alt=\"\" width=\"335\" height=\"82\" data-headline=\"logo_selectra\" \/><\/p>\n<p>Selectra \u00e8 leader di mercato nella regione Trentino-Alto Adige per il settore del commercio di materiale elettrico all&#8217;ingrosso ed al dettaglio. L&#8217;assortimento \u00e8 composto da: materiali per l`installazione civile, media tensione, sistemi per l&#8217;installazione, sistemi di sorveglianza, cablaggio ed automazione di edifici ed accessi, illuminazione di impianti aziendali ed aree private e pubbliche, illuminazione tecnica e decorativa.<\/p>\n<p style=\"text-align: center;\">__________<\/p>\n<p>&nbsp;<\/p>\n<p><img loading=\"lazy\" decoding=\"async\" class=\"wp-image-648837 aligncenter\" src=\"https:\/\/www.hcb.net\/a9243ee7cdcd4f3a\/648837\/c\/fit-in\/958x1024\/filters:no_upscale()\/filters:strip_exif()\/salone-sottosopra-logo.png\" alt=\"\" width=\"133\" height=\"142\" data-headline=\"Salone-Sottosopra-Logo\" srcset=\"https:\/\/www.hcb.net\/a9243ee7cdcd4f3a\/648837\/c\/fit-in\/281x300\/filters:no_upscale()\/filters:strip_exif()\/salone-sottosopra-logo.png 281w, https:\/\/www.hcb.net\/a9243ee7cdcd4f3a\/648837\/c\/fit-in\/768x821\/filters:no_upscale()\/filters:strip_exif()\/salone-sottosopra-logo.png 768w, https:\/\/www.hcb.net\/a9243ee7cdcd4f3a\/648837\/c\/fit-in\/56x60\/filters:no_upscale()\/filters:strip_exif()\/salone-sottosopra-logo.png 56w, https:\/\/www.hcb.net\/a9243ee7cdcd4f3a\/648837\/c\/fit-in\/600x641\/filters:no_upscale()\/filters:strip_exif()\/salone-sottosopra-logo.png 600w, https:\/\/www.hcb.net\/a9243ee7cdcd4f3a\/648837\/c\/fit-in\/958x1024\/filters:no_upscale()\/filters:strip_exif()\/salone-sottosopra-logo.png 958w\" sizes=\"auto, (max-width: 133px) 100vw, 133px\" \/><\/p>\n<p>Dal 2014 il Salone Sotto Sopra di Giorgio Iacob intercetta le tendenze pi\u00f9 attuali nel mondo del taglio di barba e capelli. La capacit\u00e0 di sintonizzarsi sulle tendenze pi\u00f9 attuali nel settore \u00e8 ci\u00f2 che rende speciale Salone Sotto Sopra, il negozio di barbiere che Giorgio Iacob conduce a Bolzano. L\u2019attivit\u00e0 di questo salone di barbieri \u00e8 iniziata nel 2014. Caratterizzato fin dal primo giorno dalla voglia di differenziarsi dal resto dell\u2019offerta bolzanina,Giorgio Iacob ha portato in citt\u00e0 abitudini e atmosfere respirate nelle numerose esperienze vissute in Italia e all\u2019estero. Ha infatti alle spalle molti anni di lavoro; la sua attivit\u00e0 come barbiere \u00e8 iniziata all\u2019et\u00e0 di 14 anni.<\/p>\n<p style=\"text-align: center;\">__________<\/p>\n<p style=\"text-align: center;\"><a href=\"http:\/\/www.technoalpin.com\/\" target=\"_blank\" rel=\"alternate noopener noreferrer\"><img loading=\"lazy\" decoding=\"async\" class=\"alignnone wp-image-213\" src=\"http:\/\/static.hcb.net\/a9243ee7cdcd4f3a\/12345\/c\/technoalpin.jpg\" width=\"237\" height=\"62\" \/><\/a><\/p>\n<p style=\"text-align: justify;\">Dal 1990 il team di TechnoAlpin progetta e costruisce impianti di innevamento personalizzati per comprensori sciistici in tutto il mondo.<\/p>\n<p style=\"text-align: center;\">__________<\/p>\n<p><a href=\"https:\/\/tecnoperforazioni.it\/\"><img loading=\"lazy\" decoding=\"async\" class=\"aligncenter wp-image-61873\" src=\"https:\/\/static.hcb.net\/a9243ee7cdcd4f3a\/61873\/c\/fit-in\/1024x1024\/logo_tecnoperforazioni_sito.png\" alt=\"\" width=\"251\" height=\"73\" data-headline=\"logo_tecnoperforazioni_sito\" \/><\/a><\/p>\n<p>L\u2019Impresa\u00a0Tecnoperforazioni srl\u00a0si propone come societ\u00e0 specializzata nel\u00a0settore geotecnico delle fondazioni speciali e nel consolidamento in parete.<\/p>\n<p style=\"text-align: center;\">__________<\/p>\n<p><a href=\"https:\/\/www.voegele.it\/it\/\"><img loading=\"lazy\" decoding=\"async\" class=\" wp-image-665980 aligncenter\" src=\"https:\/\/www.hcb.net\/a9243ee7cdcd4f3a\/665980\/c\/480x320\/filters:no_upscale()\/filters:strip_exif()\/logo_vogele.png\" alt=\"\" width=\"185\" height=\"123\" data-headline=\"logo_vogele\" \/><\/a><\/p>\n<p>Siamo la taverna tradizionale nel cuore di Bolzano. <span lang=\"IT\">Qui serviamo i piatti preferiti dai sudtirolesi e, a volte, si balla anche. Un luogo pieno di storie, dove ogni giorno se ne scrivono di nuove.<\/span> Il V\u00f6gele &#8211; 30 anni di passione e tradizione.<\/p>\n<p style=\"text-align: center;\">__________<\/p>\n<p><a href=\"https:\/\/www.voegelino.com\/\"><img loading=\"lazy\" decoding=\"async\" class=\"wp-image-665982 aligncenter\" src=\"https:\/\/www.hcb.net\/a9243ee7cdcd4f3a\/665982\/c\/fit-in\/1024x244\/filters:no_upscale()\/filters:strip_exif()\/logo_voegelino_rgb_red.png\" alt=\"\" width=\"281\" height=\"67\" data-headline=\"logo_voegelino_rgb_red\" srcset=\"https:\/\/www.hcb.net\/a9243ee7cdcd4f3a\/665982\/c\/fit-in\/768x183\/filters:no_upscale()\/filters:strip_exif()\/logo_voegelino_rgb_red.png 768w, https:\/\/www.hcb.net\/a9243ee7cdcd4f3a\/665982\/c\/fit-in\/180x43\/filters:no_upscale()\/filters:strip_exif()\/logo_voegelino_rgb_red.png 180w, https:\/\/www.hcb.net\/a9243ee7cdcd4f3a\/665982\/c\/fit-in\/600x143\/filters:no_upscale()\/filters:strip_exif()\/logo_voegelino_rgb_red.png 600w, https:\/\/www.hcb.net\/a9243ee7cdcd4f3a\/665982\/c\/fit-in\/1024x244\/filters:no_upscale()\/filters:strip_exif()\/logo_voegelino_rgb_red.png 1024w\" sizes=\"auto, (max-width: 281px) 100vw, 281px\" \/><\/a><\/p>\n<p>Siamo il bar pi\u00f9 piccolo di Piazza Walther a Bolzano, con l&#8217;angolo pi\u00f9 soleggiato e il sole che tramonta pi\u00f9 tardi! Dalle 8 del mattino fino alle 22 di sera serviamo una classica colazione italiana, seguita da aperitivo, deliziosa focaccia e gelato fatto in casa per tutto il giorno!<\/p>\n<p style=\"text-align: center;\">__________<\/p>\n<p><a href=\"https:\/\/www.weger.it\/it.html\"><img loading=\"lazy\" decoding=\"async\" class=\"aligncenter wp-image-61875\" src=\"https:\/\/static.hcb.net\/a9243ee7cdcd4f3a\/61875\/c\/fit-in\/1024x1024\/logo_weger_anello.jpg\" alt=\"\" width=\"280\" height=\"70\" data-headline=\"logo_weger_anello\" \/><\/a><\/p>\n<p class=\"p1\">La societ\u00e0 WEGER \u00e8 stata fondata nel 1977. E non si \u00e8 mai fermata. Grazie alla nostra costante sete di conoscenza e al continuo desiderio di sviluppo siamo riusciti ad ampliare sempre pi\u00f9 i nostri orizzonti, tendiamo all\u2019innovazione e ancora adesso pensiamo che questa sia solo la punta dell\u2019iceberg nella produzione di dispositivi per la ventilazione e che c\u2019\u00e8 ancora tanto da ricercare e sviluppare. Abbiamo iniziato come una societ\u00e0 di piccole dimensioni, siamo cresciuti, ci siamo ampliati e vogliamo crescere sempre pi\u00f9, il che \u00e8 testimoniato gi\u00e0 dai nostri dispositivi. Dal \u201cclassico\u201d della serie \u201cDiwer\u201d alle complesse applicazioni e produzioni speciali, passando dai nostri DISPOSITIVI COMPATTI. Da WEGER riusciamo a far tutto!<\/p>\n<p style=\"text-align: center;\">__________<\/p>\n<p>&nbsp;<\/p>\n<p><a href=\"https:\/\/www.twenty.it\/de\/home\/1-0.html\"><img loading=\"lazy\" decoding=\"async\" class=\"wp-image-217 aligncenter\" src=\"https:\/\/static.hcb.net\/a9243ee7cdcd4f3a\/217\/c\/fit-in\/1024x1024\/filters:no_upscale()\/filters:strip_exif()\/twenty-logo.jpg\" alt=\"\" width=\"237\" height=\"91\" data-headline=\"Logotwenty_final_shopping_and\" \/><\/a><\/p>\n<p class=\"xlo-normal\">Il Twenty \u00e8 un mondo in cui tutto trova un proprio spazio: 80 negozi, 7 ristoranti, 6 sale cinema, bar e gelaterie, un parco giochi per bambini\u2026 e un\u2019esperienza che puoi ritagliarti su misura! Il Twenty offre intrattenimento per tutti i gusti, tutte le et\u00e0, e tutto l\u2019anno. Qui avrai l\u2019opportunit\u00e0 di guardare, provare e acquistare, ma anche di chiacchierare, gustare e ridere con la comodit\u00e0 di trovare tutto ci\u00f2 che ti serve proprio dietro l\u2019angolo.<\/p>\n<p>&nbsp;<\/p>\n<hr \/>\n<h2 style=\"text-align: center;\">Partners<\/h2>\n<h2><a href=\"http:\/\/www.alpengourmet.it\/index.php?lang=it\"><img loading=\"lazy\" decoding=\"async\" class=\"aligncenter wp-image-18495\" src=\"https:\/\/static.hcb.net\/a9243ee7cdcd4f3a\/12345\/c\/schermata-2018-02-26-alle-19-23-10.png\" alt=\"\" width=\"189\" height=\"89\" \/><\/a><\/h2>\n<p>Alpengorumet Catering a Bolzano \u00e8 sinonimo di alta qualit\u00e0 e professionalit\u00e0 nel settore del catering.<\/p>\n<p style=\"text-align: center;\">__________<\/p>\n<p style=\"text-align: center;\"><a href=\"http:\/\/www.athesia.com\" target=\"_blank\" rel=\"alternate noopener noreferrer\"><img loading=\"lazy\" decoding=\"async\" class=\"alignnone wp-image-109\" src=\"http:\/\/static.hcb.net\/a9243ee7cdcd4f3a\/12345\/c\/athesia.png\" width=\"211\" height=\"58\" \/><\/a><\/p>\n<p style=\"text-align: justify;\">Casa editrice leader in Alto Adige con 125 anni di storia.<\/p>\n<p style=\"text-align: center;\">__________<\/p>\n<p style=\"text-align: center;\"><img loading=\"lazy\" decoding=\"async\" class=\"aligncenter wp-image-44896\" src=\"https:\/\/static.hcb.net\/a9243ee7cdcd4f3a\/12345\/c\/fieramesse_bolzanobozen_cmyk.jpg\" alt=\"\" width=\"270\" height=\"52\" \/><\/p>\n<p style=\"text-align: justify;\">Fiera Bolzano \u00e8 collocata in posizione ideale al centro dell&#8217;Arco Alpino, in una regione bilingue e funge da punto d&#8217;incontro tra le aziende provenienti dalle zone di lingua tedesca del Nord Europa e quelle di lingua italiana.L e nostre manifestazioni si concentrano principalmente su tematiche in cui sono forti e riconosciute a livello nazionale e internazionale le competenze economiche di Alto Adige e Trentino. I settori sono il turismo e l&#8217;ospitalit\u00e0, gli sport invernali e la tecnologia alpina, l&#8217;agricoltura, l&#8217;edilizia e la mobilit\u00e1 sostenibile e le energie rinnovabili.<\/p>\n<p style=\"text-align: center;\">__________<\/p>\n<p><a href=\"https:\/\/www.kuppelrain.com\/it\/ristorante\"><img loading=\"lazy\" decoding=\"async\" class=\"aligncenter wp-image-61833\" src=\"https:\/\/static.hcb.net\/a9243ee7cdcd4f3a\/61833\/c\/fit-in\/1024x1024\/logo_kuppelrain.png\" alt=\"\" width=\"208\" height=\"136\" data-headline=\"logo_kuppelrain\" \/><\/a><\/p>\n<p>Ristorante Kuppelrain &#8211; Sin dal 1988, dagli inizi del Kuppelrain, lavoriamo con prodotti naturali e regionali di alta qualit\u00e0 Le nostre trote, la farina di castagne del castagneto di famiglia, le erbe dei monti, latte, formaggi, uova, carni e salumi di piccole aziende locali. Il benessere delle aziende locali e degli animali in allevamento da sempre rappresentano uno degli obbiettivi prioritari del nostro ristorante.\u00a0Identit\u00e0. Naturalit\u00e0. Semplicit\u00e0. Queste tre parole rispecchiano il Kuppelrain!<\/p>\n<p style=\"text-align: center;\">__________<\/p>\n<p style=\"text-align: center;\"><a href=\"http:\/\/www.latemar-reisen.it\" target=\"_blank\" rel=\"alternate noopener noreferrer\"><img loading=\"lazy\" decoding=\"async\" class=\"alignnone wp-image-165\" src=\"http:\/\/static.hcb.net\/a9243ee7cdcd4f3a\/12345\/c\/latemar-1.jpg\" width=\"204\" height=\"53\" \/><\/a><\/p>\n<p style=\"text-align: justify;\">Gite giornaliere, viaggi per comitive, tour di pi\u00f9 giornate, servizio navetta &#8211; la nostra offerta soddisfa praticamente tutti gli ambiti del trasporto persone ed \u00e8 tagliata su misura per le esigenze dei nostri clienti.<\/p>\n<p style=\"text-align: center;\">__________<\/p>\n<p><a href=\"https:\/\/www.mountex.it\/it\/\"><img loading=\"lazy\" decoding=\"async\" class=\"aligncenter wp-image-61835\" src=\"https:\/\/static.hcb.net\/a9243ee7cdcd4f3a\/61835\/c\/fit-in\/1024x1024\/logo_mountex_anello.jpg\" alt=\"\" width=\"292\" height=\"73\" data-headline=\"logo_mountex_anello\" \/><\/a><\/p>\n<p>La valuta regionale delle Alpi.<\/p>\n<p style=\"text-align: center;\">__________<\/p>\n<p><a href=\"https:\/\/www.mima.it\/\"><img loading=\"lazy\" decoding=\"async\" class=\"aligncenter wp-image-663838\" src=\"https:\/\/www.hcb.net\/a9243ee7cdcd4f3a\/663838\/c\/fit-in\/1024x243\/filters:no_upscale()\/filters:strip_exif()\/microsoftteams-image-45.webp\" alt=\"\" width=\"303\" height=\"72\" data-headline=\"MicrosoftTeams-image-45\" srcset=\"https:\/\/www.hcb.net\/a9243ee7cdcd4f3a\/663838\/c\/fit-in\/768x182\/filters:no_upscale()\/filters:strip_exif()\/microsoftteams-image-45.webp 768w, https:\/\/www.hcb.net\/a9243ee7cdcd4f3a\/663838\/c\/fit-in\/180x43\/filters:no_upscale()\/filters:strip_exif()\/microsoftteams-image-45.webp 180w, https:\/\/www.hcb.net\/a9243ee7cdcd4f3a\/663838\/c\/fit-in\/600x142\/filters:no_upscale()\/filters:strip_exif()\/microsoftteams-image-45.webp 600w, https:\/\/www.hcb.net\/a9243ee7cdcd4f3a\/663838\/c\/fit-in\/1024x243\/filters:no_upscale()\/filters:strip_exif()\/microsoftteams-image-45.webp 1024w\" sizes=\"auto, (max-width: 303px) 100vw, 303px\" \/><\/a><\/p>\n<p>Mima \u00e8 una giovane e dinamica azienda nata nel 1992 grazie alla sinergia e passione di professionisti nel\u00a0settore dei Registratori di Cassa, Hardware e Software. Qualit\u00e0, Servizio, Assistenza e Prodotti all\u2019avanguardia, sono i valori fondamentali attraverso i quali Mima si contraddistingue sul mercato. Servizi innovativi e una gamma differenziata di prodotti, di alta gamma, per rispondere a qualsiasi esigenza, anche la pi\u00f9 personalizzata.<\/p>\n<p style=\"text-align: center;\">__________<\/p>\n<p><a href=\"https:\/\/www.mymedia-marketing.com\/\"><img loading=\"lazy\" decoding=\"async\" class=\"aligncenter wp-image-452520\" src=\"https:\/\/static.hcb.net\/a9243ee7cdcd4f3a\/452520\/c\/fit-in\/1024x1024\/filters:no_upscale()\/filters:strip_exif()\/logo_mymedia.jpg\" alt=\"\" width=\"308\" height=\"77\" data-headline=\"logo_mymedia\" \/><\/a><\/p>\n<p>Siamo un&#8217;ambiziosa agenzia di social media altoatesina che aiuta i vostri clienti a raggiungere il pubblico giusto, a costruire una presenza digitale di successo, a generare aumenti di fatturato attraverso campagne pubblicitarie o a garantire aumenti di portata attraverso strategie di social media.<\/p>\n<p style=\"text-align: center;\">__________<\/p>\n<p><a href=\"https:\/\/naegele.it\/it\/\"><img loading=\"lazy\" decoding=\"async\" class=\"aligncenter wp-image-663840\" src=\"https:\/\/www.hcb.net\/a9243ee7cdcd4f3a\/663840\/c\/fit-in\/1024x471\/filters:no_upscale()\/filters:strip_exif()\/logo_naegele.png\" alt=\"\" width=\"222\" height=\"102\" data-headline=\"logo_naegele\" srcset=\"https:\/\/www.hcb.net\/a9243ee7cdcd4f3a\/663840\/c\/fit-in\/300x138\/filters:no_upscale()\/filters:strip_exif()\/logo_naegele.png 300w, https:\/\/www.hcb.net\/a9243ee7cdcd4f3a\/663840\/c\/fit-in\/768x353\/filters:no_upscale()\/filters:strip_exif()\/logo_naegele.png 768w, https:\/\/www.hcb.net\/a9243ee7cdcd4f3a\/663840\/c\/fit-in\/130x60\/filters:no_upscale()\/filters:strip_exif()\/logo_naegele.png 130w, https:\/\/www.hcb.net\/a9243ee7cdcd4f3a\/663840\/c\/fit-in\/600x276\/filters:no_upscale()\/filters:strip_exif()\/logo_naegele.png 600w, https:\/\/www.hcb.net\/a9243ee7cdcd4f3a\/663840\/c\/fit-in\/1024x471\/filters:no_upscale()\/filters:strip_exif()\/logo_naegele.png 1024w\" sizes=\"auto, (max-width: 222px) 100vw, 222px\" \/><\/a><\/p>\n<p>Il mio partner per bevande. Gustoso. Piacevole. Sano.<\/p>\n<p style=\"text-align: center;\">__________<\/p>\n<p><a href=\"https:\/\/noistudio.it\"><img loading=\"lazy\" decoding=\"async\" class=\"aligncenter wp-image-663845\" src=\"https:\/\/www.hcb.net\/a9243ee7cdcd4f3a\/663845\/c\/fit-in\/1024x265\/filters:no_upscale()\/filters:strip_exif()\/screenshot-2024-10-02-alle-16-53-09.png\" alt=\"\" width=\"363\" height=\"94\" data-headline=\"Screenshot 2024-10-02 alle 16.53.09\" srcset=\"https:\/\/www.hcb.net\/a9243ee7cdcd4f3a\/663845\/c\/fit-in\/768x199\/filters:no_upscale()\/filters:strip_exif()\/screenshot-2024-10-02-alle-16-53-09.png 768w, https:\/\/www.hcb.net\/a9243ee7cdcd4f3a\/663845\/c\/fit-in\/180x47\/filters:no_upscale()\/filters:strip_exif()\/screenshot-2024-10-02-alle-16-53-09.png 180w, https:\/\/www.hcb.net\/a9243ee7cdcd4f3a\/663845\/c\/fit-in\/600x155\/filters:no_upscale()\/filters:strip_exif()\/screenshot-2024-10-02-alle-16-53-09.png 600w, https:\/\/www.hcb.net\/a9243ee7cdcd4f3a\/663845\/c\/fit-in\/1024x265\/filters:no_upscale()\/filters:strip_exif()\/screenshot-2024-10-02-alle-16-53-09.png 1024w\" sizes=\"auto, (max-width: 363px) 100vw, 363px\" \/><\/a><\/p>\n<div class=\"hgroup\">\n<p>Siamo i pionieri nella ricerca e sperimentazione di nuovi impianti e nuove tecnologie, i primi a portare il DAB in Regione, i Primi a portare la Digitalizzazione omogenea in tutto il panorama sudtirolese e trentino, abbinata ad una videocomunicazione di successo. Da noi la sostenibilit\u00e0 inizia con i materiali dei nostri impianti di ultima generazione, tutto questo con estrema flessibilit\u00e0 e prontezza nell\u2019adeguarsi alle nuove esigenze di mercato, permettendo di fornire ogni volta soluzioni personalizzate ed adeguate ad ogni tipologia di clientela.<\/p>\n<p style=\"text-align: center;\">__________<\/p>\n<\/div>\n<p><a href=\"https:\/\/www.ortobolzanosas.it\/\"><img loading=\"lazy\" decoding=\"async\" class=\"aligncenter wp-image-61837\" src=\"https:\/\/static.hcb.net\/a9243ee7cdcd4f3a\/61837\/c\/fit-in\/1024x1024\/ortobolzano-copia.jpg\" alt=\"\" width=\"340\" height=\"67\" data-headline=\"ortobolzano copia\" \/><\/a><\/p>\n<p>Ci occupiamo della vendita all\u2019ingrosso di frutta e verdura di ottima qualit\u00e0 a ristoranti, hotel, asili, scuole e rivenditori. Il nostro lavoro comporta numerose responsabilit\u00e0 in quanto ci prendiamo carico della vendita e distribuzione di frutta e verdura. I nostri prodotti sono accuratamente selezionati e scelti dal nostro team di esperti per garantire qualit\u00e0 per noi indispensabili come freschezza e provenienza. Con oltre 40 anni di attivit\u00e0 siamo un punto di riferimento per molti nostri clienti che collaborano con noi da svariati anni. Contattaci per avere frutta e verdura fresca a prezzi vantaggiosi.<\/p>\n<p style=\"text-align: center;\">__________<\/p>\n<p style=\"text-align: center;\"><a href=\"https:\/\/schriftart.it\/it\"><img loading=\"lazy\" decoding=\"async\" class=\"aligncenter wp-image-61839\" src=\"https:\/\/static.hcb.net\/a9243ee7cdcd4f3a\/61839\/c\/fit-in\/1024x1024\/logo_schriftart.png\" alt=\"\" width=\"176\" height=\"118\" data-headline=\"logo_schriftart\" \/><\/a><\/p>\n<p style=\"text-align: justify;\">Noi siamo SchriftArt, creiamo design per i nostri clienti e produciamo stampe di varie tipologie con le pi\u00f9 avanzate tecniche.<\/p>\n<p style=\"text-align: center;\">__________<\/p>\n<p style=\"text-align: center;\"><a href=\"https:\/\/www.seab.bz.it\" target=\"_blank\" rel=\"alternate noopener noreferrer\"><img loading=\"lazy\" decoding=\"async\" class=\"alignnone wp-image-195\" src=\"http:\/\/static.hcb.net\/a9243ee7cdcd4f3a\/12345\/c\/seab.png\" width=\"100\" height=\"100\" \/><\/a><\/p>\n<p style=\"text-align: justify;\">SEAB &#8211; al servizio del cittadino.<\/p>\n<hr \/>\n<h2>Technical supplier<\/h2>\n<p><a href=\"https:\/\/www.starpool.com\/\"><img loading=\"lazy\" decoding=\"async\" class=\"aligncenter wp-image-39644\" src=\"https:\/\/static.hcb.net\/a9243ee7cdcd4f3a\/12345\/c\/starpool_logo.jpg\" alt=\"\" width=\"232\" height=\"118\" \/><\/a><\/p>\n<p>Starpool \u00e8 un\u2019azienda italiana da oltre 40 anni specializzata in progettazione, realizzazione e servizi per centri benessere e spa. Nasce nel 1975 in Val di Fiemme, ai piedi delle Dolomiti trentine, con l\u2019obiettivo di dare forma a una vera e propria cultura del wellness fatta di tecnologia, innovazione e design. Core business dell\u2019azienda, i settori hospitality, contract e navale, ai quali si affianca il comparto residenziale. Alla base del Dna di Starpool ci sono percorsi effettuati attraverso la corretta successione di calore, acqua e riposo. Questa formula dalle origini antiche \u00e8 la vera essenza di ogni Spa Starpool.<\/p>\n<p style=\"text-align: center;\">__________<\/p>\n<p style=\"text-align: center;\"><a href=\"http:\/\/www.hockeyshop.it\" target=\"_blank\" rel=\"alternate noopener noreferrer\"><img loading=\"lazy\" decoding=\"async\" class=\"alignnone wp-image-189\" src=\"http:\/\/static.hcb.net\/a9243ee7cdcd4f3a\/12345\/c\/prohockey.png\" width=\"228\" height=\"91\" \/><\/a><\/p>\n<p>Lo specialista di hockey a Bolzano e Brunico &#8211; Official Warrior distributor Italy<\/p>\n<p style=\"text-align: center;\">__________<\/p>\n<p><img loading=\"lazy\" decoding=\"async\" class=\"wp-image-14907 aligncenter\" src=\"https:\/\/static.hcb.net\/a9243ee7cdcd4f3a\/12345\/c\/logo_quadrato.jpg\" alt=\"\" width=\"162\" height=\"143\" \/><\/p>\n<p>EthicSport\u00ae \u00e8 un brand italiano leader nell\u2019integrazione sportiva. Nato da un attento percorso di ricerca e sviluppo, EthicSport\u00ae ha l\u2019obiettivo di soddisfare le esigenze nutrizionali<b> <\/b>di tutti gli atleti, dai professionisti agli amatoriali e di creare maggiore consapevolezza sulle problematiche alimentari nella pratica sportiva.<\/p>\n<p style=\"text-align: center;\">__________<\/p>\n<p><img loading=\"lazy\" decoding=\"async\" class=\"wp-image-663836 aligncenter\" src=\"https:\/\/www.hcb.net\/a9243ee7cdcd4f3a\/663836\/c\/fit-in\/985x1024\/filters:no_upscale()\/filters:strip_exif()\/0x0.png\" alt=\"\" width=\"120\" height=\"125\" data-headline=\"0x0\" srcset=\"https:\/\/www.hcb.net\/a9243ee7cdcd4f3a\/663836\/c\/fit-in\/289x300\/filters:no_upscale()\/filters:strip_exif()\/0x0.png 289w, https:\/\/www.hcb.net\/a9243ee7cdcd4f3a\/663836\/c\/fit-in\/768x798\/filters:no_upscale()\/filters:strip_exif()\/0x0.png 768w, https:\/\/www.hcb.net\/a9243ee7cdcd4f3a\/663836\/c\/fit-in\/58x60\/filters:no_upscale()\/filters:strip_exif()\/0x0.png 58w, https:\/\/www.hcb.net\/a9243ee7cdcd4f3a\/663836\/c\/fit-in\/600x624\/filters:no_upscale()\/filters:strip_exif()\/0x0.png 600w, https:\/\/www.hcb.net\/a9243ee7cdcd4f3a\/663836\/c\/fit-in\/985x1024\/filters:no_upscale()\/filters:strip_exif()\/0x0.png 985w\" sizes=\"auto, (max-width: 120px) 100vw, 120px\" \/><\/p>\n<p style=\"text-align: justify;\">Aggiungiamo colore, creativit\u00e0 e personalit\u00e0 al grigiore della quotidianit\u00e0 degli articoli sportivi. Quello che \u00e8 gi\u00e0 standard nel mondo dello sport professionistico, ora deve essere possibile per tutti noi!<\/p>\n<p style=\"text-align: center;\">__________<\/p>\n<p><img loading=\"lazy\" decoding=\"async\" class=\" wp-image-552961 aligncenter\" src=\"https:\/\/static.hcb.net\/a9243ee7cdcd4f3a\/552961\/c\/fit-in\/1024x1024\/filters:no_upscale()\/filters:strip_exif()\/brennercom-retelit-group-logo.jpg\" alt=\"\" width=\"352\" height=\"114\" data-headline=\"brennercom-retelit-group-logo\" \/><\/p>\n<p>Brennercom S.p.A. \u00e8 il provider leader nel settore ICT sull\u2019asse Milano-Monaco di Baviera, il partner ideale delle imprese che vogliono cogliere le sfide dell&#8217;innovazione grazie a un set di soluzioni ICT completo, integrato e su misura. Brennercom \u00e8 l&#8217;operatore scelto dal 63% delle prime 100 aziende dell&#8217;Alto Adige e dal 44% delle aziende del Trentino. Fondata nel 1998 ha il suo HQ a Bolzano, dal 2020 \u00e8 parte del Gruppo Retelit.<\/p>\n<h2><\/h2>\n<hr \/>\n<h2>Medical Partner<\/h2>\n<p><a href=\"https:\/\/casadicura.gruppobonvicini.it\/\"><img loading=\"lazy\" decoding=\"async\" class=\"aligncenter wp-image-61844\" src=\"https:\/\/static.hcb.net\/a9243ee7cdcd4f3a\/61844\/c\/fit-in\/1024x1024\/logo_bonvicini_sito.png\" alt=\"\" width=\"389\" height=\"193\" data-headline=\"logo_bonvicini_sito\" \/><\/a><\/p>\n<p>La Radiologia Bonvicini \u00e8 una struttura sanitaria privata, autorizzata ed accreditata presso il Servizio Sanitario Nazionale e da sempre partner sinergico dell\u2019Azienda Sanitaria Locale. \u00c8 operativa dal 1981 grazie all\u2019impegno del Dott. Paolo Bonvicini e fornisce una vasta gamma di esami di diagnostica per immagini con le tecnologie pi\u00f9 avanzate, accompagnate dall\u2019esperienza e dall\u2019aggiornamento costante del proprio personale.<\/p>\n<p style=\"text-align: center;\">__________<\/p>\n<p><a href=\"http:\/\/miro.bz\/\"><img loading=\"lazy\" decoding=\"async\" class=\"aligncenter wp-image-18500\" src=\"https:\/\/static.hcb.net\/a9243ee7cdcd4f3a\/12345\/c\/schermata-2018-02-26-alle-19-28-32.png\" alt=\"\" width=\"207\" height=\"96\" \/><\/a><\/p>\n<p>Mir\u00f2, il primo centro odontoiatrico dell\u2019Alto Adige, \u00e8 sinonimo di cure dentali di\u00a0alta qualit\u00e0 a prezzi trasparenti\u00a0e a\u00a0misura di famiglia. Dopo il successo ottenuto a\u00a0Bolzano, nuove cliniche sono state inaugurate e\u00a0Trento, Rovereto, Lonato, Rimini, Parma, Cremona e Torino.<\/p>\n<p style=\"text-align: center;\">__________<\/p>\n<p><a href=\"https:\/\/www.physio-horn.com\/?utm_source=HCB_2023&amp;utm_medium=banner&amp;utm_campaign=HCB_2023\"><img loading=\"lazy\" decoding=\"async\" class=\"aligncenter wp-image-454657\" src=\"https:\/\/static.hcb.net\/a9243ee7cdcd4f3a\/454657\/c\/fit-in\/1024x1024\/filters:no_upscale()\/filters:strip_exif()\/logo_physiohorn.png\" alt=\"\" width=\"279\" height=\"127\" data-headline=\"logo_physiohorn\" \/><\/a><\/p>\n<p id=\"page-title\" class=\"title\">Team Physio- Horn: Merano\/ Alto Adige- Fisioterapia &#8211; Osteopatia- Osteopatia del bambino &#8211; Massagi &#8211; Consultazioni alimentari &#8211; Psicoterapia &#8211; Ipnosi terapia &#8211; Fisioterapia sportiva<\/p>\n<p>&nbsp;<\/p>\n<h2>Media Partner<\/h2>\n<hr \/>\n<p><a href=\"https:\/\/www.dazn.com\/it-IT\/welcome\"><img loading=\"lazy\" decoding=\"async\" class=\"wp-image-663830 aligncenter\" src=\"https:\/\/www.hcb.net\/a9243ee7cdcd4f3a\/663830\/c\/fit-in\/1024x1024\/filters:no_upscale()\/filters:strip_exif()\/dazn_logo_master.png\" alt=\"\" width=\"117\" height=\"117\" data-headline=\"DAZN_Logo_Master\" srcset=\"https:\/\/www.hcb.net\/a9243ee7cdcd4f3a\/663830\/c\/fit-in\/300x300\/filters:no_upscale()\/filters:strip_exif()\/dazn_logo_master.png 300w, https:\/\/www.hcb.net\/a9243ee7cdcd4f3a\/663830\/c\/fit-in\/768x768\/filters:no_upscale()\/filters:strip_exif()\/dazn_logo_master.png 768w, https:\/\/www.hcb.net\/a9243ee7cdcd4f3a\/663830\/c\/fit-in\/60x60\/filters:no_upscale()\/filters:strip_exif()\/dazn_logo_master.png 60w, https:\/\/www.hcb.net\/a9243ee7cdcd4f3a\/663830\/c\/fit-in\/600x600\/filters:no_upscale()\/filters:strip_exif()\/dazn_logo_master.png 600w, https:\/\/www.hcb.net\/a9243ee7cdcd4f3a\/663830\/c\/fit-in\/1024x1024\/filters:no_upscale()\/filters:strip_exif()\/dazn_logo_master.png 1024w\" sizes=\"auto, (max-width: 117px) 100vw, 117px\" \/><\/a><\/p>\n<p>DAZN \u00e8 la piattaforma leader nel live streaming e nell\u2019intrattenimento sportivo in Italia<\/p>\n<p style=\"text-align: center;\">__________<\/p>\n<p>&nbsp;<\/p>\n<p style=\"text-align: center;\"><a href=\"https:\/\/www.video33.it\/\"><img loading=\"lazy\" decoding=\"async\" class=\"aligncenter wp-image-61846\" src=\"https:\/\/static.hcb.net\/a9243ee7cdcd4f3a\/61846\/c\/fit-in\/1024x1024\/logo_vb33_sito.png\" alt=\"\" width=\"161\" height=\"113\" data-headline=\"logo_vb33_sito\" \/><\/a><\/p>\n<p>Video33 &#8211; televisione per gli altoatesini<\/p>\n<p style=\"text-align: center;\">__________<\/p>\n<p><img loading=\"lazy\" decoding=\"async\" class=\"wp-image-663834 aligncenter\" src=\"https:\/\/www.hcb.net\/a9243ee7cdcd4f3a\/663834\/c\/fit-in\/1024x446\/filters:no_upscale()\/filters:strip_exif()\/orf_logo-svg.png\" alt=\"\" width=\"161\" height=\"70\" data-headline=\"ORF_logo.svg\" srcset=\"https:\/\/www.hcb.net\/a9243ee7cdcd4f3a\/663834\/c\/fit-in\/300x131\/filters:no_upscale()\/filters:strip_exif()\/orf_logo-svg.png 300w, https:\/\/www.hcb.net\/a9243ee7cdcd4f3a\/663834\/c\/fit-in\/768x335\/filters:no_upscale()\/filters:strip_exif()\/orf_logo-svg.png 768w, https:\/\/www.hcb.net\/a9243ee7cdcd4f3a\/663834\/c\/fit-in\/138x60\/filters:no_upscale()\/filters:strip_exif()\/orf_logo-svg.png 138w, https:\/\/www.hcb.net\/a9243ee7cdcd4f3a\/663834\/c\/fit-in\/600x261\/filters:no_upscale()\/filters:strip_exif()\/orf_logo-svg.png 600w, https:\/\/www.hcb.net\/a9243ee7cdcd4f3a\/663834\/c\/fit-in\/1024x446\/filters:no_upscale()\/filters:strip_exif()\/orf_logo-svg.png 1024w\" sizes=\"auto, (max-width: 161px) 100vw, 161px\" \/><\/p>\n<p>Official ICEHL Broadcaster<\/p>\n<p style=\"text-align: center;\">__________<\/p>\n<p>&nbsp;<\/p>\n<p><img loading=\"lazy\" decoding=\"async\" class=\"aligncenter wp-image-46618\" src=\"https:\/\/static.hcb.net\/a9243ee7cdcd4f3a\/12345\/c\/1200px-puls4-svg.png\" alt=\"\" width=\"178\" height=\"55\" data-headline=\"1200px-Puls4.svg\" \/><\/p>\n<p>Official ICEHL Broadcaster<\/p>\n<p style=\"text-align: center;\">__________<\/p>\n<p><a href=\"https:\/\/www.suedtirol1.it\/\"><img loading=\"lazy\" decoding=\"async\" class=\"aligncenter wp-image-61848\" src=\"https:\/\/static.hcb.net\/a9243ee7cdcd4f3a\/61848\/c\/fit-in\/1024x1024\/logo_suedtirol1.jpg\" alt=\"\" width=\"288\" height=\"72\" data-headline=\"logo_suedtirol1\" \/><\/a><\/p>\n<p>S\u00fcdtirols bester Musikmix!<\/p>\n<p style=\"text-align: center;\">__________<\/p>\n<p><a href=\"https:\/\/www.radiotirol.it\/\"><img loading=\"lazy\" decoding=\"async\" class=\"aligncenter wp-image-61850\" src=\"https:\/\/static.hcb.net\/a9243ee7cdcd4f3a\/61850\/c\/fit-in\/1024x1024\/logo_radiotirol.jpg\" alt=\"\" width=\"304\" height=\"76\" data-headline=\"logo_radiotirol\" \/><\/a><\/p>\n<p>Die sch\u00f6nste Musik aller Zeiten!<\/p>\n<p style=\"text-align: center;\">__________<\/p>\n<p><a href=\"https:\/\/firstavenue.it\/it\"><img loading=\"lazy\" decoding=\"async\" class=\"aligncenter wp-image-452518\" src=\"https:\/\/static.hcb.net\/a9243ee7cdcd4f3a\/452518\/c\/fit-in\/1024x1024\/filters:no_upscale()\/filters:strip_exif()\/logo_firstavenue.jpg\" alt=\"\" width=\"324\" height=\"81\" data-headline=\"logo_firstavenue\" \/><\/a><\/p>\n<p>Come principale agenzia media e di pubblicit\u00e0 in Alto Adige, gestiamo e sviluppiamo prodotti, tecnologie e piattaforme per aiutarti a raggiungere i tuoi obiettivi. Online e offline.<\/p>\n<p style=\"text-align: center;\">__________<\/p>\n<p><a href=\"https:\/\/radionbc.it\/\"><img loading=\"lazy\" decoding=\"async\" class=\"wp-image-663832 aligncenter\" src=\"https:\/\/www.hcb.net\/a9243ee7cdcd4f3a\/663832\/c\/480x180\/filters:no_upscale()\/filters:strip_exif()\/logo-nbc-510x180-1.png\" alt=\"\" width=\"256\" height=\"96\" data-headline=\"logo-NBC-510x180 (1)\" \/><\/a><\/p>\n<p>L&#8217;informazione radiofonica in Trentino-Alto Adige<\/p>\n<p>&nbsp;<\/p>\n<hr \/>\n<h2>Web-Partner<\/h2>\n<p><a href=\"https:\/\/www.wunderfarm.com\/\" target=\"_blank\" rel=\"noopener noreferrer\"><img loading=\"lazy\" decoding=\"async\" class=\"wp-image-13007 size-full aligncenter\" src=\"http:\/\/static.hcb.net\/a9243ee7cdcd4f3a\/12345\/c\/wunderfarm-1.png\" width=\"248\" height=\"35\" \/><\/a><\/p>\n<p>Le apps e prodotti smart per il web di Wunderfarm puntano all\u2019essenziale: stupire!<\/p>\n<p>&nbsp;<\/p>\n<hr \/>\n<h2>Media &amp; Communication<\/h2>\n<p><a href=\"https:\/\/www.ltcommunication.it\/\"><img loading=\"lazy\" decoding=\"async\" class=\"aligncenter wp-image-61852\" src=\"https:\/\/static.hcb.net\/a9243ee7cdcd4f3a\/61852\/c\/fit-in\/1024x1024\/logo_ltcommunication_sito.png\" alt=\"\" width=\"294\" height=\"112\" data-headline=\"logo_ltcommunication_sito\" \/><\/a><\/p>\n<p class=\"p1\">LT Communication &amp; Media \u00e8 il tuo partner per una comunicazione efficace, puntuale e digitale.<\/p>\n","protected":false},"excerpt":{"rendered":"<p>League Sponsor Main Sponsors Alto Adige: un luogo leggendario, una natura spettacolare fatta di contrasti dove la bellezza unica delle imponenti cime dolomitiche &#8211; patrimonio mondiale dell&#8217;UNESCO &#8211; si accompagna al sapore mediterraneo delle colline coltivate a vite e dei giardini dove crescono le palme. Un territorio dove l&#8217;esperienza contadina e il clima favorevole &#8211; [&hellip;]<\/p>\n","protected":false},"author":1,"featured_media":0,"parent":11144,"menu_order":0,"comment_status":"closed","ping_status":"closed","template":"","meta":{"_acf_changed":false,"footnotes":""},"class_list":["post-95","page","type-page","status-publish","hentry"],"acf":[],"_links":{"self":[{"href":"https:\/\/www.hcb.net\/it\/wp-json\/wp\/v2\/pages\/95","targetHints":{"allow":["GET"]}}],"collection":[{"href":"https:\/\/www.hcb.net\/it\/wp-json\/wp\/v2\/pages"}],"about":[{"href":"https:\/\/www.hcb.net\/it\/wp-json\/wp\/v2\/types\/page"}],"author":[{"embeddable":true,"href":"https:\/\/www.hcb.net\/it\/wp-json\/wp\/v2\/users\/1"}],"replies":[{"embeddable":true,"href":"https:\/\/www.hcb.net\/it\/wp-json\/wp\/v2\/comments?post=95"}],"version-history":[{"count":123,"href":"https:\/\/www.hcb.net\/it\/wp-json\/wp\/v2\/pages\/95\/revisions"}],"predecessor-version":[{"id":856372,"href":"https:\/\/www.hcb.net\/it\/wp-json\/wp\/v2\/pages\/95\/revisions\/856372"}],"up":[{"embeddable":true,"href":"https:\/\/www.hcb.net\/it\/wp-json\/wp\/v2\/pages\/11144"}],"wp:attachment":[{"href":"https:\/\/www.hcb.net\/it\/wp-json\/wp\/v2\/media?parent=95"}],"curies":[{"name":"wp","href":"https:\/\/api.w.org\/{rel}","templated":true}]}}